{"id":3,"date":"2026-01-21T18:05:37","date_gmt":"2026-01-21T18:05:37","guid":{"rendered":"https:\/\/aguilarb.mx\/?page_id=3"},"modified":"2026-04-29T22:02:53","modified_gmt":"2026-04-29T22:02:53","slug":"privacy-policy","status":"publish","type":"page","link":"https:\/\/aguilarb.mx\/en\/privacy-policy\/","title":{"rendered":"PRIVACY NOTICE"},"content":{"rendered":"<p class=\"has-small-font-size wp-block-paragraph\">AGUILAR BORNACINI &amp; ASOCIADOS, S.C. (en lo sucesivo, \u201cAB\u201d o la \u201cFirma\u201d), con domicilio en calle Tecoyotitla 412, Edificio Arenal, Piso 1, C\u00f3digo Postal 01050, Alcald\u00eda \u00c1lvaro Obreg\u00f3n, en la Ciudad de M\u00e9xico, es responsable del uso, tratamiento y protecci\u00f3n de los datos personales que le sean proporcionados para la prestaci\u00f3n de servicios legales, fiscales y contables, as\u00ed como para su representaci\u00f3n ante autoridades. En cumplimiento de lo dispuesto por la Ley Federal de Protecci\u00f3n de Datos Personales en Posesi\u00f3n de los Particulares (la \u201cLey\u201d), su Reglamento y dem\u00e1s disposiciones aplicables, AB emite el presente Aviso de Privacidad.<strong>&nbsp;<\/strong><\/p>\n\n\n\n<h3 class=\"wp-block-heading has-small-font-size\"><strong>Finalidad del tratamiento de sus datos personales<\/strong><\/h3>\n\n\n\n<p class=\"has-small-font-size wp-block-paragraph\">Los datos personales recabados por AB ser\u00e1n tratados en todo momento conforme a los principios de licitud, consentimiento, informaci\u00f3n, calidad, finalidad, lealtad, proporcionalidad y responsabilidad previstos en la Ley, y ser\u00e1n utilizados para la prestaci\u00f3n de servicios de litigio y consultor\u00eda en materia de derecho fiscal, derecho administrativo, derecho corporativo y \u00c1gora Fiscal, as\u00ed como para la prestaci\u00f3n de servicios contables en los que se especializa la Firma.<\/p>\n\n\n\n<p class=\"has-small-font-size wp-block-paragraph\">Los datos personales que le sean solicitados ser\u00e1n utilizados para establecer contacto con usted por cualquier medio, dar seguimiento a los asuntos encomendados, tramitar y gestionar los servicios contratados ante autoridades, integrar expedientes y bases de datos internas, realizar gestiones administrativas relacionadas con la prestaci\u00f3n de servicios; incluyendo facturaci\u00f3n, cobranza y emisi\u00f3n de comprobantes, as\u00ed como el env\u00edo de informaci\u00f3n o noticias de inter\u00e9s jur\u00eddico-empresarial.<\/p>\n\n\n\n<h3 class=\"wp-block-heading has-small-font-size\"><strong>Datos personales que se recaban<\/strong><\/h3>\n\n\n\n<p class=\"has-small-font-size wp-block-paragraph\">Para el cumplimiento de las finalidades antes se\u00f1aladas, AB podr\u00e1 recabar y tratar datos personales de identificaci\u00f3n, contacto, fiscales, contables, patrimoniales y financieros, incluyendo de manera enunciativa mas no limitativa: nombre, edad, g\u00e9nero, nacionalidad, domicilio, lugar y fecha de nacimiento, estado civil, correo electr\u00f3nico y n\u00famero telef\u00f3nico; as\u00ed como datos fiscales tales como Registro Federal de Contribuyentes, r\u00e9gimen fiscal, constancia de situaci\u00f3n fiscal, opiniones de cumplimiento y declaraciones fiscales (provisionales y anuales); asimismo, informaci\u00f3n contable y financiera como estados financieros, balanzas de comprobaci\u00f3n, p\u00f3lizas contables, auxiliares, papeles de trabajo, libros contables, facturaci\u00f3n electr\u00f3nica, entre otros.<\/p>\n\n\n\n<p class=\"has-small-font-size wp-block-paragraph\">Adicionalmente, y en atenci\u00f3n a la naturaleza de los servicios prestados, AB podr\u00e1 recabar de manera datos personales sensibles, exclusivamente cuando resulten estrictamente necesarios para el cumplimiento de obligaciones legales o la adecuada prestaci\u00f3n de los servicios, comprometi\u00e9ndose en todo momento a tratarlos bajo las m\u00e1s estrictas medidas de seguridad y confidencialidad, y a recabar el consentimiento expreso y por escrito de su titular, conforme a la normativa aplicable.<\/p>\n\n\n\n<h3 class=\"wp-block-heading has-small-font-size\"><strong>Tratamiento de datos personales de terceros y\/o menores de edad<\/strong><\/h3>\n\n\n\n<p class=\"has-small-font-size wp-block-paragraph\">En caso de que usted proporcione datos personales de terceros manifiesta contar con el consentimiento correspondiente para su tratamiento y se obliga a informarles sobre la existencia del tratamiento de sus datos personales y el contenido del presente Aviso de Privacidad.<\/p>\n\n\n\n<p class=\"has-small-font-size wp-block-paragraph\">AB no recaba de manera intencional datos personales de menores de edad.&nbsp;<\/p>\n\n\n\n<p class=\"has-small-font-size wp-block-paragraph\">Los datos personales ser\u00e1n recabados directamente del titular o su representante legal ya sea de manera presencial en las oficinas de AB, o a trav\u00e9s de medios electr\u00f3nicos, telef\u00f3nicos o cualquier otra tecnolog\u00eda disponible.<\/p>\n\n\n\n<h3 class=\"wp-block-heading has-small-font-size\"><strong>Medidas de seguridad<\/strong><\/h3>\n\n\n\n<p class=\"has-small-font-size wp-block-paragraph\">AB implementa medidas de seguridad administrativas, t\u00e9cnicas y f\u00edsicas necesarias para proteger los datos personales contra da\u00f1o, p\u00e9rdida, alteraci\u00f3n, destrucci\u00f3n o uso, acceso o tratamiento no autorizado, garantizando que su acceso se limite \u00fanicamente a personal autorizado que se encuentra sujeto a obligaciones de confidencialidad y que observar\u00e1 en todo momento los principios de confidencialidad y protecci\u00f3n de datos personales previstos en la Ley.<\/p>\n\n\n\n<h3 class=\"wp-block-heading has-small-font-size\"><strong>Derechos ARCO y\/o revocaci\u00f3n del consentimiento para el tratamiento de datos personales<\/strong><\/h3>\n\n\n\n<p class=\"has-small-font-size wp-block-paragraph\">Usted o su representante legal podr\u00e1 ejercer en cualquier momento los derechos de Acceso, Rectificaci\u00f3n, Cancelaci\u00f3n u Oposici\u00f3n (Derechos ARCO) respecto de sus datos personales, as\u00ed como revocar el consentimiento que, en su caso, haya otorgado para su tratamiento o solicitar la limitaci\u00f3n de su uso o divulgaci\u00f3n, a trav\u00e9s de los procedimientos que AB ha implementado para tal efecto. Para conocer dichos procedimientos, requisitos y plazos, podr\u00e1 ponerse en contacto a trav\u00e9s del correo electr\u00f3nico pamela.rascado@aguilarb.mx, v\u00eda telef\u00f3nica al (55) 5639 6815, o directamente en el domicilio se\u00f1alado en el presente Aviso.&nbsp;<\/p>\n\n\n\n<p class=\"has-small-font-size wp-block-paragraph\">Para el ejercicio de los Derechos ARCO, ser\u00e1 necesario presentar una solicitud por escrito que contenga:&nbsp;<\/p>\n\n\n\n<p class=\"has-small-font-size wp-block-paragraph\">1- El nombre del titular y un medio para comunicarle la respuesta.<\/p>\n\n\n\n<p class=\"has-small-font-size wp-block-paragraph\">2- Los documentos que acrediten su identidad o, en su caso, la representaci\u00f3n legal.<\/p>\n\n\n\n<p class=\"has-small-font-size wp-block-paragraph\">3- La descripci\u00f3n clara y precisa de los datos personales respecto de los que se busca ejercer alguno de los derechos.<\/p>\n\n\n\n<p class=\"has-small-font-size wp-block-paragraph\">4- Cualquier otro elemento o documento que facilite la localizaci\u00f3n de los datos personales.<\/p>\n\n\n\n<p class=\"has-small-font-size wp-block-paragraph\">En caso de que la informaci\u00f3n proporcionada en la solicitud resulte insuficiente o err\u00f3nea, o no se acompa\u00f1en los documentos necesarios, AB podr\u00e1 requerir al titular, dentro de los 5 (Cinco) d\u00edas h\u00e1biles siguientes a la recepci\u00f3n de la solicitud, la informaci\u00f3n adicional correspondiente. El titular contar\u00e1 con un plazo de 10 (Diez) d\u00edas h\u00e1biles para atender dicho requerimiento; en caso contrario, la solicitud se tendr\u00e1 por no presentada.<\/p>\n\n\n\n<p class=\"has-small-font-size wp-block-paragraph\">AB comunicar\u00e1 la determinaci\u00f3n adoptada en un plazo m\u00e1ximo de 20 (Veinte) d\u00edas h\u00e1biles contados a partir de la recepci\u00f3n de la solicitud completa y, de resultar procedente, har\u00e1 efectivo el derecho dentro de los 15 (Quince) d\u00edas h\u00e1biles siguientes. La respuesta ser\u00e1 notificada a trav\u00e9s del medio se\u00f1alado por el titular en su solicitud.<\/p>\n\n\n\n<p class=\"has-small-font-size wp-block-paragraph\">En caso de que el titular revoque su consentimiento y dicha revocaci\u00f3n resulte procedente, AB dejar\u00e1 de tratar sus datos personales para las finalidades que dieron origen a su tratamiento, en el entendido de que dicha revocaci\u00f3n no tendr\u00e1 efectos retroactivos.<\/p>\n\n\n\n<p class=\"has-small-font-size wp-block-paragraph\">Por lo que respecta al ejercicio del derecho de cancelaci\u00f3n, es importante se\u00f1alar que el mismo no es absoluto, ya que AB podr\u00e1 conservar determinados datos personales cuando exista una obligaci\u00f3n legal para ello. En tales casos, los datos ser\u00e1n bloqueados y \u00fanicamente se conservar\u00e1n para efectos de cumplimiento de obligaciones legales o requerimientos de autoridad competente, debidamente fundados y motivados.<\/p>\n\n\n\n<p class=\"has-small-font-size wp-block-paragraph\">Los datos personales ser\u00e1n conservados \u00fanicamente durante el tiempo necesario para cumplir con las finalidades previstas en el presente Aviso de Privacidad y conforme a los plazos establecidos en la legislaci\u00f3n aplicable; una vez que hayan dejado de ser necesarios, ser\u00e1n bloqueados y posteriormente suprimidos.<\/p>\n\n\n\n<p class=\"has-small-font-size wp-block-paragraph\">El ejercicio de los Derechos ARCO y la revocaci\u00f3n del consentimiento ser\u00e1n gratuitos; no obstante, en caso de que el titular solicite la reproducci\u00f3n de la informaci\u00f3n en copias u otros formatos, deber\u00e1 cubrir \u00fanicamente los costos justificados de reproducci\u00f3n o env\u00edo que correspondan.<\/p>\n\n\n\n<p class=\"has-small-font-size wp-block-paragraph\">AB cuenta con mecanismos para que el titular pueda solicitar su inclusi\u00f3n en listados de exclusi\u00f3n internos, a efecto de limitar el uso de sus datos personales para determinadas finalidades, otorgando en su caso la constancia correspondiente.<\/p>\n\n\n\n<h3 class=\"wp-block-heading has-small-font-size\"><strong>Transferencia de datos personales<\/strong><\/h3>\n\n\n\n<p class=\"has-small-font-size wp-block-paragraph\">AB podr\u00e1 transferir datos personales sin requerir el consentimiento del titular en los supuestos previstos por la legislaci\u00f3n aplicable, incluyendo cuando la transferencia sea necesaria para el cumplimiento de obligaciones legales o para atender requerimientos de autoridades competentes. Cualquier transferencia que requiera consentimiento ser\u00e1 previamente informada al titular.<\/p>\n\n\n\n<h3 class=\"wp-block-heading has-small-font-size\"><strong>Medios para limitar el uso o divulgaci\u00f3n de sus datos.<\/strong><\/h3>\n\n\n\n<p class=\"has-small-font-size wp-block-paragraph\">El titular podr\u00e1 limitar el uso o divulgaci\u00f3n de sus datos personales mediante solicitud dirigida al correo pamela.rascado@aguilarb.mx, siguiendo el mismo procedimiento establecido para el ejercicio de los Derechos ARCO.<\/p>\n\n\n\n<p class=\"has-small-font-size wp-block-paragraph\">Hacemos de su conocimiento que existen otros mecanismos para limitar el uso y divulgaci\u00f3n de sus datos personales, mediante el Registro P\u00fablico para Evitar Publicidad, que est\u00e1 a cargo de la Procuradur\u00eda Federal del Consumidor (PROFECO). Para mayor informaci\u00f3n sobre dicho registro, usted puede consultar el portal de Internet de la PROFECO (<a href=\"https:\/\/www.gob.mx\/profeco\">http:\/\/rpc.profeco.gob.mx<\/a>), o bien ponerse en contacto directo con el citado organismo al tel\u00e9fono 55 5568 8722&nbsp;y&nbsp;800 468 8722<strong>.<\/strong><\/p>\n\n\n\n<h3 class=\"wp-block-heading has-small-font-size\"><strong>Autoridad en materia de protecci\u00f3n de datos personales<\/strong><\/h3>\n\n\n\n<p class=\"has-small-font-size wp-block-paragraph\">En caso de considerarlo necesario, le informamos que tiene el derecho de acudir ante la Secretar\u00eda Anticorrupci\u00f3n y Buen Gobierno, para hacer valer cualquier inconformidad relacionada con su Derecho a la Protecci\u00f3n de Datos Personales.<\/p>\n\n\n\n<h3 class=\"wp-block-heading has-small-font-size\"><strong>Modificaciones y actualizaciones<\/strong><\/h3>\n\n\n\n<p class=\"has-small-font-size wp-block-paragraph\">AB se reserva el derecho de modificar, actualizar o realizar cambios al presente Aviso de Privacidad en cualquier momento, derivado de cambios en la legislaci\u00f3n aplicable, en sus pol\u00edticas internas o en la prestaci\u00f3n de sus servicios. Dichas modificaciones ser\u00e1n puestas a disposici\u00f3n del titular a trav\u00e9s del sitio web <a href=\"http:\/\/www.aguilarbornacini.com\">www.aguilarbornacini.com<\/a>.<\/p>\n\n\n\n<p class=\"has-small-font-size wp-block-paragraph\">Para cualquier duda o aclaraci\u00f3n relacionada con el presente Aviso de Privacidad, el titular podr\u00e1 contactar al Departamento de Protecci\u00f3n de Datos Personales a trav\u00e9s del correo electr\u00f3nico pamela.rascado@aguilarb.mx.<\/p>\n\n\n\n<p class=\"has-text-align-center has-small-font-size wp-block-paragraph\"><strong>AGUILAR BORNACINI &amp; ASOCIADOS, S.C.<\/strong><strong><br><\/strong><strong>\u00daltima actualizaci\u00f3n: 15 de abril de 2026.<\/strong><\/p>\n\n\n\n<p class=\"wp-block-paragraph\"><\/p>","protected":false},"excerpt":{"rendered":"<p>AGUILAR BORNACINI &amp; ASOCIADOS, S.C. (en lo sucesivo, \u201cAB\u201d o la \u201cFirma\u201d), con domicilio en calle Tecoyotitla 412, Edificio Arenal, Piso 1, C\u00f3digo Postal 01050, Alcald\u00eda \u00c1lvaro Obreg\u00f3n, en la Ciudad de M\u00e9xico, es responsable del uso, tratamiento y protecci\u00f3n de los datos personales que le sean proporcionados para la prestaci\u00f3n de servicios legales, fiscales [&hellip;]<\/p>\n","protected":false},"author":1,"featured_media":0,"parent":0,"menu_order":0,"comment_status":"closed","ping_status":"open","template":"","meta":{"_uag_custom_page_level_css":"","site-sidebar-layout":"default","site-content-layout":"","ast-site-content-layout":"default","site-content-style":"default","site-sidebar-style":"default","ast-global-header-display":"","ast-banner-title-visibility":"","ast-main-header-display":"","ast-hfb-above-header-display":"","ast-hfb-below-header-display":"","ast-hfb-mobile-header-display":"","site-post-title":"","ast-breadcrumbs-content":"","ast-featured-img":"","footer-sml-layout":"","ast-disable-related-posts":"","theme-transparent-header-meta":"","adv-header-id-meta":"","stick-header-meta":"","header-above-stick-meta":"","header-main-stick-meta":"","header-below-stick-meta":"","astra-migrate-meta-layouts":"set","ast-page-background-enabled":"default","ast-page-background-meta":{"desktop":{"background-color":"","background-image":"","background-repeat":"repeat","background-position":"center center","background-size":"auto","background-attachment":"scroll","background-type":"","background-media":"","overlay-type":"","overlay-color":"","overlay-opacity":"","overlay-gradient":""},"tablet":{"background-color":"","background-image":"","background-repeat":"repeat","background-position":"center center","background-size":"auto","background-attachment":"scroll","background-type":"","background-media":"","overlay-type":"","overlay-color":"","overlay-opacity":"","overlay-gradient":""},"mobile":{"background-color":"","background-image":"","background-repeat":"repeat","background-position":"center center","background-size":"auto","background-attachment":"scroll","background-type":"","background-media":"","overlay-type":"","overlay-color":"","overlay-opacity":"","overlay-gradient":""}},"ast-content-background-meta":{"desktop":{"background-color":"var(--ast-global-color-5)","background-image":"","background-repeat":"repeat","background-position":"center center","background-size":"auto","background-attachment":"scroll","background-type":"","background-media":"","overlay-type":"","overlay-color":"","overlay-opacity":"","overlay-gradient":""},"tablet":{"background-color":"var(--ast-global-color-5)","background-image":"","background-repeat":"repeat","background-position":"center center","background-size":"auto","background-attachment":"scroll","background-type":"","background-media":"","overlay-type":"","overlay-color":"","overlay-opacity":"","overlay-gradient":""},"mobile":{"background-color":"var(--ast-global-color-5)","background-image":"","background-repeat":"repeat","background-position":"center center","background-size":"auto","background-attachment":"scroll","background-type":"","background-media":"","overlay-type":"","overlay-color":"","overlay-opacity":"","overlay-gradient":""}},"footnotes":""},"class_list":["post-3","page","type-page","status-publish","hentry"],"aioseo_notices":[],"aioseo_head":"\n\t\t<!-- All in One SEO 5.0.0.1 - aioseo.com -->\n\t<meta name=\"description\" content=\"AGUILAR BORNACINI &amp; ASOCIADOS, S.C. (en lo sucesivo, \u201cAB\u201d o la \u201cFirma\u201d), con domicilio en calle Tecoyotitla 412, Edificio Arenal, Piso 1, C\u00f3digo Postal 01050, Alcald\u00eda \u00c1lvaro Obreg\u00f3n, en la Ciudad de M\u00e9xico, es responsable del uso, tratamiento y protecci\u00f3n de los datos personales que le sean proporcionados para la prestaci\u00f3n de servicios legales, fiscales\" \/>\n\t<meta name=\"robots\" content=\"max-image-preview:large\" \/>\n\t<meta name=\"google-site-verification\" content=\"kaBYP9dSvdNQT6Ytq1Fn5uZAr44MzIkpWiV3xXtEhRY\" \/>\n\t<link rel=\"canonical\" href=\"https:\/\/aguilarb.mx\/en\/privacy-policy\/\" \/>\n\t<meta name=\"generator\" content=\"All in One SEO (AIOSEO) 5.0.0.1\" \/>\n\t\t<meta property=\"og:locale\" content=\"en_US\" \/>\n\t\t<meta property=\"og:site_name\" content=\"AGUILAR BORNACINI &amp; ASOCIADOS - Firma boutique que combina atenci\u00f3n personalizada con soluciones legales que brindan certeza y tranquilidad.\" \/>\n\t\t<meta property=\"og:type\" content=\"article\" \/>\n\t\t<meta property=\"og:title\" content=\"AVISO DE PRIVACIDAD INTEGRAL - AGUILAR BORNACINI &amp; ASOCIADOS\" \/>\n\t\t<meta property=\"og:description\" content=\"AGUILAR BORNACINI &amp; ASOCIADOS, S.C. (en lo sucesivo, \u201cAB\u201d o la \u201cFirma\u201d), con domicilio en calle Tecoyotitla 412, Edificio Arenal, Piso 1, C\u00f3digo Postal 01050, Alcald\u00eda \u00c1lvaro Obreg\u00f3n, en la Ciudad de M\u00e9xico, es responsable del uso, tratamiento y protecci\u00f3n de los datos personales que le sean proporcionados para la prestaci\u00f3n de servicios legales, fiscales\" \/>\n\t\t<meta property=\"og:url\" content=\"https:\/\/aguilarb.mx\/en\/privacy-policy\/\" \/>\n\t\t<meta property=\"og:image\" content=\"https:\/\/aguilarb.mx\/wp-content\/uploads\/2026\/02\/cropped-WhatsApp-Image-2026-02-04-at-1.47.04-PM.jpeg\" \/>\n\t\t<meta property=\"og:image:secure_url\" content=\"https:\/\/aguilarb.mx\/wp-content\/uploads\/2026\/02\/cropped-WhatsApp-Image-2026-02-04-at-1.47.04-PM.jpeg\" \/>\n\t\t<meta property=\"article:published_time\" content=\"2026-01-21T18:05:37+00:00\" \/>\n\t\t<meta property=\"article:modified_time\" content=\"2026-04-29T22:02:53+00:00\" \/>\n\t\t<meta name=\"twitter:card\" content=\"summary_large_image\" \/>\n\t\t<meta name=\"twitter:title\" content=\"AVISO DE PRIVACIDAD INTEGRAL - AGUILAR BORNACINI &amp; ASOCIADOS\" \/>\n\t\t<meta name=\"twitter:description\" content=\"AGUILAR BORNACINI &amp; ASOCIADOS, S.C. (en lo sucesivo, \u201cAB\u201d o la \u201cFirma\u201d), con domicilio en calle Tecoyotitla 412, Edificio Arenal, Piso 1, C\u00f3digo Postal 01050, Alcald\u00eda \u00c1lvaro Obreg\u00f3n, en la Ciudad de M\u00e9xico, es responsable del uso, tratamiento y protecci\u00f3n de los datos personales que le sean proporcionados para la prestaci\u00f3n de servicios legales, fiscales\" \/>\n\t\t<meta name=\"twitter:image\" content=\"https:\/\/aguilarb.mx\/wp-content\/uploads\/2026\/02\/cropped-WhatsApp-Image-2026-02-04-at-1.47.04-PM.jpeg\" \/>\n\t\t<script type=\"application\/ld+json\" class=\"aioseo-schema\">\n\t\t\t{\"@context\":\"https:\\\/\\\/schema.org\",\"@graph\":[{\"@type\":\"BreadcrumbList\",\"@id\":\"https:\\\/\\\/aguilarb.mx\\\/en\\\/privacy-policy\\\/#breadcrumblist\",\"itemListElement\":[{\"@type\":\"ListItem\",\"@id\":\"https:\\\/\\\/aguilarb.mx\\\/en#listItem\",\"position\":1,\"name\":\"Home\",\"item\":\"https:\\\/\\\/aguilarb.mx\\\/en\",\"nextItem\":{\"@type\":\"ListItem\",\"@id\":\"https:\\\/\\\/aguilarb.mx\\\/en\\\/privacy-policy\\\/#listItem\",\"name\":\"AVISO DE PRIVACIDAD INTEGRAL\"}},{\"@type\":\"ListItem\",\"@id\":\"https:\\\/\\\/aguilarb.mx\\\/en\\\/privacy-policy\\\/#listItem\",\"position\":2,\"name\":\"AVISO DE PRIVACIDAD INTEGRAL\",\"previousItem\":{\"@type\":\"ListItem\",\"@id\":\"https:\\\/\\\/aguilarb.mx\\\/en#listItem\",\"name\":\"Home\"}}]},{\"@type\":\"Organization\",\"@id\":\"https:\\\/\\\/aguilarb.mx\\\/en\\\/#organization\",\"name\":\"AGUILAR BORNACINI & ASOCIADOS\",\"description\":\"Firma boutique que combina atenci\\u00f3n personalizada con soluciones legales que brindan certeza y tranquilidad.\",\"url\":\"https:\\\/\\\/aguilarb.mx\\\/en\\\/\",\"logo\":{\"@type\":\"ImageObject\",\"url\":\"https:\\\/\\\/aguilarb.mx\\\/wp-content\\\/uploads\\\/2026\\\/02\\\/cropped-WhatsApp-Image-2026-02-04-at-1.47.04-PM.jpeg\",\"@id\":\"https:\\\/\\\/aguilarb.mx\\\/en\\\/privacy-policy\\\/#organizationLogo\",\"width\":800,\"height\":143},\"image\":{\"@id\":\"https:\\\/\\\/aguilarb.mx\\\/en\\\/privacy-policy\\\/#organizationLogo\"}},{\"@type\":\"WebPage\",\"@id\":\"https:\\\/\\\/aguilarb.mx\\\/en\\\/privacy-policy\\\/#webpage\",\"url\":\"https:\\\/\\\/aguilarb.mx\\\/en\\\/privacy-policy\\\/\",\"name\":\"AVISO DE PRIVACIDAD INTEGRAL - AGUILAR BORNACINI & ASOCIADOS\",\"description\":\"AGUILAR BORNACINI & ASOCIADOS, S.C. (en lo sucesivo, \\u201cAB\\u201d o la \\u201cFirma\\u201d), con domicilio en calle Tecoyotitla 412, Edificio Arenal, Piso 1, C\\u00f3digo Postal 01050, Alcald\\u00eda \\u00c1lvaro Obreg\\u00f3n, en la Ciudad de M\\u00e9xico, es responsable del uso, tratamiento y protecci\\u00f3n de los datos personales que le sean proporcionados para la prestaci\\u00f3n de servicios legales, fiscales\",\"inLanguage\":\"en-US\",\"isPartOf\":{\"@id\":\"https:\\\/\\\/aguilarb.mx\\\/en\\\/#website\"},\"breadcrumb\":{\"@id\":\"https:\\\/\\\/aguilarb.mx\\\/en\\\/privacy-policy\\\/#breadcrumblist\"},\"datePublished\":\"2026-01-21T18:05:37+00:00\",\"dateModified\":\"2026-04-29T22:02:53+00:00\"},{\"@type\":\"WebSite\",\"@id\":\"https:\\\/\\\/aguilarb.mx\\\/en\\\/#website\",\"url\":\"https:\\\/\\\/aguilarb.mx\\\/en\\\/\",\"name\":\"AGUILAR BORNACINI & ASOCIADOS\",\"description\":\"Firma boutique que combina atenci\\u00f3n personalizada con soluciones legales que brindan certeza y tranquilidad.\",\"inLanguage\":\"en-US\",\"publisher\":{\"@id\":\"https:\\\/\\\/aguilarb.mx\\\/en\\\/#organization\"}}]}\n\t\t<\/script>\n\t\t<!-- All in One SEO -->\n\n","aioseo_head_json":{"title":"AVISO DE PRIVACIDAD INTEGRAL - AGUILAR BORNACINI & ASOCIADOS","description":"AGUILAR BORNACINI & ASOCIADOS, S.C. (en lo sucesivo, \u201cAB\u201d o la \u201cFirma\u201d), con domicilio en calle Tecoyotitla 412, Edificio Arenal, Piso 1, C\u00f3digo Postal 01050, Alcald\u00eda \u00c1lvaro Obreg\u00f3n, en la Ciudad de M\u00e9xico, es responsable del uso, tratamiento y protecci\u00f3n de los datos personales que le sean proporcionados para la prestaci\u00f3n de servicios legales, fiscales","canonical_url":"https:\/\/aguilarb.mx\/en\/privacy-policy\/","robots":"max-image-preview:large","keywords":"","webmasterTools":{"google-site-verification":"kaBYP9dSvdNQT6Ytq1Fn5uZAr44MzIkpWiV3xXtEhRY","miscellaneous":""},"schema":{"@context":"https:\/\/schema.org","@graph":[{"@type":"BreadcrumbList","@id":"https:\/\/aguilarb.mx\/en\/privacy-policy\/#breadcrumblist","itemListElement":[{"@type":"ListItem","@id":"https:\/\/aguilarb.mx\/en#listItem","position":1,"name":"Home","item":"https:\/\/aguilarb.mx\/en","nextItem":{"@type":"ListItem","@id":"https:\/\/aguilarb.mx\/en\/privacy-policy\/#listItem","name":"AVISO DE PRIVACIDAD INTEGRAL"}},{"@type":"ListItem","@id":"https:\/\/aguilarb.mx\/en\/privacy-policy\/#listItem","position":2,"name":"AVISO DE PRIVACIDAD INTEGRAL","previousItem":{"@type":"ListItem","@id":"https:\/\/aguilarb.mx\/en#listItem","name":"Home"}}]},{"@type":"Organization","@id":"https:\/\/aguilarb.mx\/en\/#organization","name":"AGUILAR BORNACINI & ASOCIADOS","description":"Firma boutique que combina atenci\u00f3n personalizada con soluciones legales que brindan certeza y tranquilidad.","url":"https:\/\/aguilarb.mx\/en\/","logo":{"@type":"ImageObject","url":"https:\/\/aguilarb.mx\/wp-content\/uploads\/2026\/02\/cropped-WhatsApp-Image-2026-02-04-at-1.47.04-PM.jpeg","@id":"https:\/\/aguilarb.mx\/en\/privacy-policy\/#organizationLogo","width":800,"height":143},"image":{"@id":"https:\/\/aguilarb.mx\/en\/privacy-policy\/#organizationLogo"}},{"@type":"WebPage","@id":"https:\/\/aguilarb.mx\/en\/privacy-policy\/#webpage","url":"https:\/\/aguilarb.mx\/en\/privacy-policy\/","name":"AVISO DE PRIVACIDAD INTEGRAL - AGUILAR BORNACINI & ASOCIADOS","description":"AGUILAR BORNACINI & ASOCIADOS, S.C. (en lo sucesivo, \u201cAB\u201d o la \u201cFirma\u201d), con domicilio en calle Tecoyotitla 412, Edificio Arenal, Piso 1, C\u00f3digo Postal 01050, Alcald\u00eda \u00c1lvaro Obreg\u00f3n, en la Ciudad de M\u00e9xico, es responsable del uso, tratamiento y protecci\u00f3n de los datos personales que le sean proporcionados para la prestaci\u00f3n de servicios legales, fiscales","inLanguage":"en-US","isPartOf":{"@id":"https:\/\/aguilarb.mx\/en\/#website"},"breadcrumb":{"@id":"https:\/\/aguilarb.mx\/en\/privacy-policy\/#breadcrumblist"},"datePublished":"2026-01-21T18:05:37+00:00","dateModified":"2026-04-29T22:02:53+00:00"},{"@type":"WebSite","@id":"https:\/\/aguilarb.mx\/en\/#website","url":"https:\/\/aguilarb.mx\/en\/","name":"AGUILAR BORNACINI & ASOCIADOS","description":"Firma boutique que combina atenci\u00f3n personalizada con soluciones legales que brindan certeza y tranquilidad.","inLanguage":"en-US","publisher":{"@id":"https:\/\/aguilarb.mx\/en\/#organization"}}]},"og:locale":"en_US","og:site_name":"AGUILAR BORNACINI &amp; ASOCIADOS - Firma boutique que combina atenci\u00f3n personalizada con soluciones legales que brindan certeza y tranquilidad.","og:type":"article","og:title":"AVISO DE PRIVACIDAD INTEGRAL - AGUILAR BORNACINI &amp; ASOCIADOS","og:description":"AGUILAR BORNACINI &amp; ASOCIADOS, S.C. (en lo sucesivo, \u201cAB\u201d o la \u201cFirma\u201d), con domicilio en calle Tecoyotitla 412, Edificio Arenal, Piso 1, C\u00f3digo Postal 01050, Alcald\u00eda \u00c1lvaro Obreg\u00f3n, en la Ciudad de M\u00e9xico, es responsable del uso, tratamiento y protecci\u00f3n de los datos personales que le sean proporcionados para la prestaci\u00f3n de servicios legales, fiscales","og:url":"https:\/\/aguilarb.mx\/en\/privacy-policy\/","og:image":"https:\/\/aguilarb.mx\/wp-content\/uploads\/2026\/02\/cropped-WhatsApp-Image-2026-02-04-at-1.47.04-PM.jpeg","og:image:secure_url":"https:\/\/aguilarb.mx\/wp-content\/uploads\/2026\/02\/cropped-WhatsApp-Image-2026-02-04-at-1.47.04-PM.jpeg","article:published_time":"2026-01-21T18:05:37+00:00","article:modified_time":"2026-04-29T22:02:53+00:00","twitter:card":"summary_large_image","twitter:title":"AVISO DE PRIVACIDAD INTEGRAL - AGUILAR BORNACINI &amp; ASOCIADOS","twitter:description":"AGUILAR BORNACINI &amp; ASOCIADOS, S.C. (en lo sucesivo, \u201cAB\u201d o la \u201cFirma\u201d), con domicilio en calle Tecoyotitla 412, Edificio Arenal, Piso 1, C\u00f3digo Postal 01050, Alcald\u00eda \u00c1lvaro Obreg\u00f3n, en la Ciudad de M\u00e9xico, es responsable del uso, tratamiento y protecci\u00f3n de los datos personales que le sean proporcionados para la prestaci\u00f3n de servicios legales, fiscales","twitter:image":"https:\/\/aguilarb.mx\/wp-content\/uploads\/2026\/02\/cropped-WhatsApp-Image-2026-02-04-at-1.47.04-PM.jpeg"},"aioseo_meta_data":{"post_id":"3","title":null,"description":null,"keywords":null,"keyphrases":{"focus":[],"additional":[]},"primary_term":null,"canonical_url":null,"og_title":null,"og_description":null,"og_object_type":"default","og_image_type":"default","og_image_url":null,"og_image_width":null,"og_image_height":null,"og_image_custom_url":null,"og_image_custom_fields":null,"og_video":"","og_custom_url":null,"og_article_section":null,"og_article_tags":null,"twitter_use_og":false,"twitter_card":"default","twitter_image_type":"default","twitter_image_url":null,"twitter_image_custom_url":null,"twitter_image_custom_fields":null,"twitter_title":null,"twitter_description":null,"schema":{"blockGraphs":[],"customGraphs":[],"default":{"data":{"Article":[],"Course":[],"Dataset":[],"FAQPage":[],"Movie":[],"Person":[],"Product":[],"ProductReview":[],"Car":[],"Recipe":[],"Service":[],"SoftwareApplication":[],"WebPage":[]},"graphName":"WebPage","isEnabled":true},"graphs":[]},"schema_type":"default","schema_type_options":null,"pillar_content":false,"robots_default":true,"robots_noindex":false,"robots_noarchive":false,"robots_nosnippet":false,"robots_nofollow":false,"robots_noimageindex":false,"robots_noodp":false,"robots_notranslate":false,"robots_max_snippet":"-1","robots_max_videopreview":"-1","robots_max_imagepreview":"large","priority":null,"frequency":"default","local_seo":null,"breadcrumb_settings":null,"limit_modified_date":false,"ai":{"faqs":[],"keyPoints":[],"schemas":[],"titles":[],"descriptions":[],"socialPosts":{"email":[],"linkedin":[],"twitter":[],"facebook":[],"instagram":[]}},"created":"2026-04-17 19:00:02","updated":"2026-08-19 19:11:33","seo_analyzer_scan_date":null,"focus_keyword":null,"additional_keywords":null,"truseo_locale":null},"aioseo_breadcrumb":"<div class=\"aioseo-breadcrumbs\"><span class=\"aioseo-breadcrumb\">\n\t\t\t<a href=\"https:\/\/aguilarb.mx\/en\" title=\"Home\">Home<\/a>\n\t\t<\/span><span class=\"aioseo-breadcrumb-separator\">&raquo;<\/span><span class=\"aioseo-breadcrumb\">\n\t\t\tAVISO DE PRIVACIDAD INTEGRAL\n\t\t<\/span><\/div>","aioseo_breadcrumb_json":[{"label":"Home","link":"https:\/\/aguilarb.mx\/en"},{"label":"AVISO DE PRIVACIDAD INTEGRAL","link":"https:\/\/aguilarb.mx\/en\/privacy-policy\/"}],"uagb_featured_image_src":{"full":false,"thumbnail":false,"medium":false,"medium_large":false,"large":false,"1536x1536":false,"2048x2048":false,"trp-custom-language-flag":false},"uagb_author_info":{"display_name":"socialhubbstudio@gmail.com","author_link":"https:\/\/aguilarb.mx\/en\/author\/socialhubbstudiogmail-com\/"},"uagb_comment_info":0,"uagb_excerpt":"AGUILAR BORNACINI &amp; ASOCIADOS, S.C. (en lo sucesivo, \u201cAB\u201d o la \u201cFirma\u201d), con domicilio en calle Tecoyotitla 412, Edificio Arenal, Piso 1, C\u00f3digo Postal 01050, Alcald\u00eda \u00c1lvaro Obreg\u00f3n, en la Ciudad de M\u00e9xico, es responsable del uso, tratamiento y protecci\u00f3n de los datos personales que le sean proporcionados para la prestaci\u00f3n de servicios legales, fiscales&hellip;","_links":{"self":[{"href":"https:\/\/aguilarb.mx\/en\/wp-json\/wp\/v2\/pages\/3","targetHints":{"allow":["GET"]}}],"collection":[{"href":"https:\/\/aguilarb.mx\/en\/wp-json\/wp\/v2\/pages"}],"about":[{"href":"https:\/\/aguilarb.mx\/en\/wp-json\/wp\/v2\/types\/page"}],"author":[{"embeddable":true,"href":"https:\/\/aguilarb.mx\/en\/wp-json\/wp\/v2\/users\/1"}],"replies":[{"embeddable":true,"href":"https:\/\/aguilarb.mx\/en\/wp-json\/wp\/v2\/comments?post=3"}],"version-history":[{"count":0,"href":"https:\/\/aguilarb.mx\/en\/wp-json\/wp\/v2\/pages\/3\/revisions"}],"wp:attachment":[{"href":"https:\/\/aguilarb.mx\/en\/wp-json\/wp\/v2\/media?parent=3"}],"curies":[{"name":"wp","href":"https:\/\/api.w.org\/{rel}","templated":true}]}}